{"id":11,"date":"2023-08-22T18:01:17","date_gmt":"2023-08-22T21:01:17","guid":{"rendered":"https:\/\/drjuliocesarortodontia.com.br\/?page_id=11"},"modified":"2025-07-03T10:27:23","modified_gmt":"2025-07-03T13:27:23","slug":"crie-seu-site-com-blocos","status":"publish","type":"page","link":"https:\/\/drjuliocesarortodontia.com.br\/","title":{"rendered":"Crie seu site com blocos"},"content":{"rendered":"<section class=\"wpb-content-wrapper\"><p>[vc_row css=&#8221;.vc_custom_1692742843761{padding-top: 60px !important;padding-bottom: 60px !important;}&#8221;][vc_column width=&#8221;2\/3&#8243;][vc_column_text css=&#8221;.vc_custom_1751548985737{background-color: #ffffff !important;}&#8221;]<\/p>\n<h1>ORTODONTIA EM TERESINA &#8211; PI<\/h1>\n<h3>Centro Integrado Dr. J\u00falio C\u00e9sar\u00a0Vasconcelos<\/h3>\n<h4>CRO: 1266 \u2013 PI<\/h4>\n<h4>Odontologia especializada no seu sorriso<\/h4>\n<p>Centro Integrado Dr. J\u00falio C\u00e9sar Vasconcelos \u2013\u00a0Ortodontia em Teresina \u2013 PI.\u00a0Especializado em Ortodontia, Harmoniza\u00e7\u00e3o Facial, Implantes dent\u00e1rios, Lentes de contato e Cirurgias. Seu trabalho \u00e9 focado no melhor atendimento aos seus pacientes.[\/vc_column_text][vc_row_inner][vc_column_inner width=&#8221;1\/2&#8243;][vc_single_image image=&#8221;34&#8243; img_size=&#8221;medium&#8221; onclick=&#8221;custom_link&#8221; img_link_target=&#8221;_blank&#8221; link=&#8221;https:\/\/api.whatsapp.com\/send?phone=5586999107592&amp;text=Ol%C3%A1%20Dr.%20J%C3%BAlio%20C%C3%A9sar,%20pode%20me%20ajudar?&#8221;][\/vc_column_inner][vc_column_inner width=&#8221;1\/2&#8243;][\/vc_column_inner][\/vc_row_inner][\/vc_column][vc_column width=&#8221;1\/3&#8243;][vc_single_image image=&#8221;33&#8243; img_size=&#8221;full&#8221;][\/vc_column][\/vc_row][vc_row full_width=&#8221;stretch_row_content_no_spaces&#8221; css=&#8221;.vc_custom_1692786570377{padding-top: -60px !important;background-color: #6aa86b !important;}&#8221;][vc_column][vc_gallery type=&#8221;nivo&#8221; interval=&#8221;3&#8243; images=&#8221;42,41,38,39,40&#8243; img_size=&#8221;full&#8221; onclick=&#8221;&#8221; css=&#8221;.vc_custom_1692739555601{background-position: center !important;background-repeat: no-repeat !important;background-size: cover !important;}&#8221;][\/vc_column][\/vc_row][vc_row full_width=&#8221;stretch_row&#8221; content_placement=&#8221;middle&#8221; css=&#8221;.vc_custom_1692786460863{padding-top: 60px !important;padding-bottom: 60px !important;background-color: #6aa86b !important;}&#8221; el_id=&#8221;especialidades&#8221;][vc_column][vc_column_text]<\/p>\n<div class=\"elementor-element elementor-element-5dfec4a2 elementor-widget elementor-widget-heading\" data-id=\"5dfec4a2\" data-element_type=\"widget\" data-widget_type=\"heading.default\">\n<div class=\"elementor-widget-container\">\n<h6 class=\"elementor-heading-title elementor-size-default\" style=\"text-align: center;\"><span style=\"color: #ffffff;\">O QUE FA\u00c7O<\/span><\/h6>\n<\/div>\n<\/div>\n<div class=\"elementor-element elementor-element-174edf8d elementor-hidden-tablet elementor-hidden-mobile elementor-widget elementor-widget-heading\" data-id=\"174edf8d\" data-element_type=\"widget\" data-widget_type=\"heading.default\">\n<div class=\"elementor-widget-container\">\n<h2 class=\"elementor-heading-title elementor-size-default\" style=\"text-align: center;\"><span style=\"color: #ffffff;\">Especialidades do Centro Integrado Dr. J\u00falio C\u00e9sar Vasconcelos<\/span><\/h2>\n<\/div>\n<\/div>\n<p>[\/vc_column_text][vc_empty_space][vc_row_inner][vc_column_inner width=&#8221;1\/3&#8243;][vc_single_image image=&#8221;49&#8243; img_size=&#8221;100&#215;100&#8243; alignment=&#8221;center&#8221;][vc_column_text]<\/p>\n<div class=\"elementor-element elementor-element-35da51f3 elementor-widget elementor-widget-heading\" data-id=\"35da51f3\" data-element_type=\"widget\" data-widget_type=\"heading.default\">\n<div class=\"elementor-widget-container\">\n<h3 class=\"elementor-heading-title elementor-size-default\" style=\"text-align: center;\"><span style=\"color: #ffffff;\">Ortodontia<\/span><\/h3>\n<\/div>\n<\/div>\n<div class=\"elementor-element elementor-element-1d38e632 elementor-widget elementor-widget-text-editor\" data-id=\"1d38e632\" data-element_type=\"widget\" data-widget_type=\"text-editor.default\">\n<div class=\"elementor-widget-container\">\n<p style=\"text-align: center;\"><span style=\"color: #ffffff;\">Especialidade da Odontologia que cuida das m\u00e1s oclus\u00f5es dentais.<\/span><\/p>\n<\/div>\n<\/div>\n<p>[\/vc_column_text][\/vc_column_inner][vc_column_inner width=&#8221;1\/3&#8243;][vc_single_image image=&#8221;51&#8243; img_size=&#8221;100&#215;100&#8243; alignment=&#8221;center&#8221;][vc_column_text]<\/p>\n<div class=\"elementor-element elementor-element-35da51f3 elementor-widget elementor-widget-heading\" data-id=\"35da51f3\" data-element_type=\"widget\" data-widget_type=\"heading.default\">\n<div class=\"elementor-widget-container\">\n<div class=\"elementor-element elementor-element-15df0c5 elementor-widget elementor-widget-heading\" data-id=\"15df0c5\" data-element_type=\"widget\" data-widget_type=\"heading.default\">\n<div class=\"elementor-widget-container\">\n<h3 class=\"elementor-heading-title elementor-size-default\" style=\"text-align: center;\"><span style=\"color: #ffffff;\">Implantes dent\u00e1rios<\/span><\/h3>\n<\/div>\n<\/div>\n<div class=\"elementor-element elementor-element-2b3a015 elementor-widget elementor-widget-text-editor\" data-id=\"2b3a015\" data-element_type=\"widget\" data-widget_type=\"text-editor.default\">\n<div class=\"elementor-widget-container\">\n<p style=\"text-align: center;\"><span style=\"color: #ffffff;\">Especialidade da Odontologia que trata da reabilita\u00e7\u00e3o oral com pr\u00f3teses suportadas ou retidas por implantes dent\u00e1rios.<\/span><\/p>\n<\/div>\n<\/div>\n<\/div>\n<\/div>\n<p>[\/vc_column_text][\/vc_column_inner][vc_column_inner width=&#8221;1\/3&#8243;][vc_single_image image=&#8221;50&#8243; img_size=&#8221;100&#215;100&#8243; alignment=&#8221;center&#8221;][vc_column_text]<\/p>\n<div class=\"elementor-element elementor-element-35da51f3 elementor-widget elementor-widget-heading\" data-id=\"35da51f3\" data-element_type=\"widget\" data-widget_type=\"heading.default\">\n<div class=\"elementor-widget-container\">\n<div class=\"elementor-element elementor-element-15df0c5 elementor-widget elementor-widget-heading\" data-id=\"15df0c5\" data-element_type=\"widget\" data-widget_type=\"heading.default\">\n<div class=\"elementor-widget-container\">\n<div class=\"elementor-element elementor-element-3316279 elementor-widget elementor-widget-heading\" data-id=\"3316279\" data-element_type=\"widget\" data-widget_type=\"heading.default\">\n<div class=\"elementor-widget-container\">\n<h3 class=\"elementor-heading-title elementor-size-default\" style=\"text-align: center;\"><span style=\"color: #ffffff;\">Harmoniza\u00e7\u00e3o Facial<\/span><\/h3>\n<\/div>\n<\/div>\n<div class=\"elementor-element elementor-element-034e03f elementor-widget elementor-widget-text-editor\" data-id=\"034e03f\" data-element_type=\"widget\" data-widget_type=\"text-editor.default\">\n<div class=\"elementor-widget-container\">\n<p style=\"text-align: center;\"><span style=\"color: #ffffff;\">Interven\u00e7\u00e3o est\u00e9tica facial que re\u00fane v\u00e1rias t\u00e9cnicas e procedimentos.<\/span><\/p>\n<\/div>\n<\/div>\n<\/div>\n<\/div>\n<\/div>\n<\/div>\n<p>[\/vc_column_text][\/vc_column_inner][\/vc_row_inner][\/vc_column][\/vc_row][vc_row full_width=&#8221;stretch_row&#8221; content_placement=&#8221;middle&#8221; css=&#8221;.vc_custom_1692742557899{padding-top: 60px !important;padding-bottom: 60px !important;background-color: #ffffff !important;}&#8221;][vc_column][vc_column_text]<\/p>\n<div class=\"elementor-element elementor-element-5dfec4a2 elementor-widget elementor-widget-heading\" data-id=\"5dfec4a2\" data-element_type=\"widget\" data-widget_type=\"heading.default\">\n<div class=\"elementor-widget-container\">\n<div class=\"elementor-element elementor-element-cd7a885 elementor-widget elementor-widget-heading\" data-id=\"cd7a885\" data-element_type=\"widget\" data-widget_type=\"heading.default\">\n<div class=\"elementor-widget-container\">\n<h6 class=\"elementor-heading-title elementor-size-default\" style=\"text-align: center;\">TRATAMENTOS<\/h6>\n<\/div>\n<\/div>\n<div class=\"elementor-element elementor-element-27b73e36 elementor-hidden-tablet elementor-hidden-mobile elementor-widget elementor-widget-heading\" data-id=\"27b73e36\" data-element_type=\"widget\" data-widget_type=\"heading.default\">\n<div class=\"elementor-widget-container\">\n<h2 class=\"elementor-heading-title elementor-size-default\" style=\"text-align: center;\">Tratamentos Oferecidos<\/h2>\n<\/div>\n<\/div>\n<\/div>\n<\/div>\n<p>[\/vc_column_text][vc_empty_space][vc_row_inner][vc_column_inner width=&#8221;1\/5&#8243;][vc_column_text]<\/p>\n<div class=\"elementor-element elementor-element-35da51f3 elementor-widget elementor-widget-heading\" data-id=\"35da51f3\" data-element_type=\"widget\" data-widget_type=\"heading.default\">\n<div class=\"elementor-widget-container\">\n<div class=\"elementor-element elementor-element-15df0c5 elementor-widget elementor-widget-heading\" data-id=\"15df0c5\" data-element_type=\"widget\" data-widget_type=\"heading.default\">\n<div class=\"elementor-widget-container\">\n<div class=\"elementor-element elementor-element-3316279 elementor-widget elementor-widget-heading\" data-id=\"3316279\" data-element_type=\"widget\" data-widget_type=\"heading.default\">\n<div class=\"elementor-widget-container\">\n<div class=\"elementor-column elementor-col-33 elementor-inner-column elementor-element elementor-element-ceb7edf\" data-id=\"ceb7edf\" data-element_type=\"column\">\n<div class=\"elementor-widget-wrap elementor-element-populated\">\n<div class=\"elementor-element elementor-element-a85ac90 elementor-widget elementor-widget-heading\" data-id=\"a85ac90\" data-element_type=\"widget\" data-widget_type=\"heading.default\">\n<div class=\"elementor-widget-container\">\n<h6 class=\"elementor-heading-title elementor-size-default\">01.<\/h6>\n<\/div>\n<\/div>\n<div class=\"elementor-element elementor-element-a789718 elementor-widget elementor-widget-heading\" data-id=\"a789718\" data-element_type=\"widget\" data-widget_type=\"heading.default\">\n<div class=\"elementor-widget-container\">\n<h3 class=\"elementor-heading-title elementor-size-default\">Aparelhos Dent\u00e1rios<\/h3>\n<\/div>\n<\/div>\n<\/div>\n<\/div>\n<\/div>\n<\/div>\n<\/div>\n<\/div>\n<\/div>\n<\/div>\n<p>[\/vc_column_text][\/vc_column_inner][vc_column_inner width=&#8221;1\/5&#8243;][vc_column_text]<\/p>\n<div class=\"elementor-element elementor-element-35da51f3 elementor-widget elementor-widget-heading\" data-id=\"35da51f3\" data-element_type=\"widget\" data-widget_type=\"heading.default\">\n<div class=\"elementor-widget-container\">\n<div class=\"elementor-element elementor-element-15df0c5 elementor-widget elementor-widget-heading\" data-id=\"15df0c5\" data-element_type=\"widget\" data-widget_type=\"heading.default\">\n<div class=\"elementor-widget-container\">\n<div class=\"elementor-element elementor-element-3316279 elementor-widget elementor-widget-heading\" data-id=\"3316279\" data-element_type=\"widget\" data-widget_type=\"heading.default\">\n<div class=\"elementor-widget-container\">\n<div class=\"elementor-column elementor-col-33 elementor-inner-column elementor-element elementor-element-ceb7edf\" data-id=\"ceb7edf\" data-element_type=\"column\">\n<div class=\"elementor-widget-wrap elementor-element-populated\">\n<div class=\"elementor-element elementor-element-a85ac90 elementor-widget elementor-widget-heading\" data-id=\"a85ac90\" data-element_type=\"widget\" data-widget_type=\"heading.default\">\n<div class=\"elementor-widget-container\">\n<div class=\"elementor-element elementor-element-744ade3 elementor-widget elementor-widget-heading\" data-id=\"744ade3\" data-element_type=\"widget\" data-widget_type=\"heading.default\">\n<div class=\"elementor-widget-container\">\n<h6 class=\"elementor-heading-title elementor-size-default\">02.<\/h6>\n<\/div>\n<\/div>\n<div class=\"elementor-element elementor-element-0665a97 elementor-widget elementor-widget-heading\" data-id=\"0665a97\" data-element_type=\"widget\" data-widget_type=\"heading.default\">\n<div class=\"elementor-widget-container\">\n<h3 class=\"elementor-heading-title elementor-size-default\">Implantes dent\u00e1rios<\/h3>\n<\/div>\n<\/div>\n<\/div>\n<\/div>\n<\/div>\n<\/div>\n<\/div>\n<\/div>\n<\/div>\n<\/div>\n<\/div>\n<\/div>\n<p>[\/vc_column_text][\/vc_column_inner][vc_column_inner width=&#8221;1\/5&#8243;][vc_column_text]<\/p>\n<div class=\"elementor-element elementor-element-a8cdcc8 elementor-widget elementor-widget-heading\" data-id=\"a8cdcc8\" data-element_type=\"widget\" data-widget_type=\"heading.default\">\n<div class=\"elementor-widget-container\">\n<h6 class=\"elementor-heading-title elementor-size-default\">03.<\/h6>\n<\/div>\n<\/div>\n<div class=\"elementor-element elementor-element-6495184 elementor-widget elementor-widget-heading\" data-id=\"6495184\" data-element_type=\"widget\" data-widget_type=\"heading.default\">\n<div class=\"elementor-widget-container\">\n<h3 class=\"elementor-heading-title elementor-size-default\">Lentes de contato<\/h3>\n<\/div>\n<\/div>\n<p>[\/vc_column_text][\/vc_column_inner][vc_column_inner width=&#8221;1\/5&#8243;][vc_column_text]<\/p>\n<div class=\"elementor-element elementor-element-b7b49c0 elementor-widget elementor-widget-heading\" data-id=\"b7b49c0\" data-element_type=\"widget\" data-widget_type=\"heading.default\">\n<div class=\"elementor-widget-container\">\n<h6 class=\"elementor-heading-title elementor-size-default\">04.<\/h6>\n<\/div>\n<\/div>\n<div class=\"elementor-element elementor-element-aa2d436 elementor-widget elementor-widget-heading\" data-id=\"aa2d436\" data-element_type=\"widget\" data-widget_type=\"heading.default\">\n<div class=\"elementor-widget-container\">\n<h3 class=\"elementor-heading-title elementor-size-default\">Harmoniza\u00e7\u00e3o Facial<\/h3>\n<\/div>\n<\/div>\n<p>[\/vc_column_text][\/vc_column_inner][vc_column_inner width=&#8221;1\/5&#8243;][vc_column_text]<\/p>\n<div class=\"elementor-element elementor-element-9ec8291 elementor-widget elementor-widget-heading\" data-id=\"9ec8291\" data-element_type=\"widget\" data-widget_type=\"heading.default\">\n<div class=\"elementor-widget-container\">\n<h6 class=\"elementor-heading-title elementor-size-default\">05.<\/h6>\n<\/div>\n<\/div>\n<div class=\"elementor-element elementor-element-1b8200b elementor-widget elementor-widget-heading\" data-id=\"1b8200b\" data-element_type=\"widget\" data-widget_type=\"heading.default\">\n<div class=\"elementor-widget-container\">\n<h3 class=\"elementor-heading-title elementor-size-default\">Cirurgias<\/h3>\n<\/div>\n<\/div>\n<p>[\/vc_column_text][\/vc_column_inner][\/vc_row_inner][\/vc_column][\/vc_row][vc_row full_width=&#8221;stretch_row&#8221; css=&#8221;.vc_custom_1692743825737{padding-top: 60px !important;padding-bottom: 60px !important;background-color: #d1d1d1 !important;}&#8221; el_id=&#8221;contato&#8221;][vc_column width=&#8221;1\/3&#8243;][vc_column_text]<\/p>\n<h6>LOCALIZA\u00c7\u00c3O<\/h6>\n<h3>Centro Integrado Dr. J\u00falio C\u00e9sar Vasconcelos<\/h3>\n<p>Rua Gabriel Ferreira, 471 \u2013 Centro (Sul)<br \/>\nTeresina \u2013 PI<br \/>\nCEP: 64002-350<br \/>\nWhatsApp: <a href=\"https:\/\/wa.me\/5586999107592\" target=\"_blank\" rel=\"noopener\">86 99910-7592<\/a><\/p>\n<p><a href=\"https:\/\/goo.gl\/maps\/aPse3Et77NAVdJwB6\" target=\"_blank\" rel=\"noopener\">Rota at\u00e9 a Cl\u00ednica<\/a>[\/vc_column_text][\/vc_column][vc_column width=&#8221;2\/3&#8243;][vc_column_text]<iframe loading=\"lazy\" style=\"border: 0;\" src=\"https:\/\/www.google.com\/maps\/embed?pb=!1m18!1m12!1m3!1d3974.0606456054597!2d-42.811415225018216!3d-5.093897194883011!2m3!1f0!2f0!3f0!3m2!1i1024!2i768!4f13.1!3m3!1m2!1s0x78e3766935ca0e7%3A0xc161787e9296d6a0!2sVitta%20Sa%C3%BAde%20Diagn%C3%B3stico%20e%20Imagem!5e0!3m2!1spt-BR!2sbr!4v1692742377647!5m2!1spt-BR!2sbr\" width=\"100%\" height=\"400\" allowfullscreen=\"allowfullscreen\"><\/iframe>[\/vc_column_text][\/vc_column][\/vc_row][vc_row full_width=&#8221;stretch_row&#8221; css=&#8221;.vc_custom_1692743673813{padding-top: 30px !important;padding-bottom: 30px !important;background-color: #285c91 !important;}&#8221;][vc_column width=&#8221;1\/4&#8243;][\/vc_column][vc_column width=&#8221;1\/2&#8243;][vc_column_text]<\/p>\n<h3 style=\"text-align: center;\"><span style=\"color: #ffffff;\"><b>Centro Integrado Dr. Julio C\u00e9sar Vasconcelos\u00a0<\/b>&#8211; Ortodontia em Teresina &#8211; PI<\/span><\/h3>\n<p style=\"text-align: center;\"><span style=\"color: #ffffff;\">CRO: 1266 &#8211; PI<\/span><\/p>\n<p>[\/vc_column_text][vc_row_inner][vc_column_inner width=&#8221;1\/4&#8243;][\/vc_column_inner][vc_column_inner width=&#8221;1\/4&#8243;][vc_icon icon_fontawesome=&#8221;fab fa-facebook-square&#8221; color=&#8221;white&#8221; background_style=&#8221;rounded&#8221; background_color=&#8221;blue&#8221; align=&#8221;center&#8221; link=&#8221;url:https%3A%2F%2Fwww.facebook.com%2Fjuliocesar.vasconcelos.5|target:_blank&#8221;][\/vc_column_inner][vc_column_inner width=&#8221;1\/4&#8243;][vc_icon icon_fontawesome=&#8221;fab fa-instagram&#8221; color=&#8221;white&#8221; background_style=&#8221;rounded&#8221; background_color=&#8221;juicy_pink&#8221; align=&#8221;center&#8221; link=&#8221;url:https%3A%2F%2Fwww.instagram.com%2Fcentrointegradodrjulio%2F|target:_blank&#8221;][\/vc_column_inner][vc_column_inner width=&#8221;1\/4&#8243;][\/vc_column_inner][\/vc_row_inner][vc_btn title=&#8221;MARCAR CONSULTA&#8221; style=&#8221;outline&#8221; shape=&#8221;square&#8221; align=&#8221;center&#8221; button_block=&#8221;true&#8221; link=&#8221;url:https%3A%2F%2Fapi.whatsapp.com%2Fsend%3Fphone%3D5586999107592%26text%3DOl%25C3%25A1%2520Dr.%2520J%25C3%25BAlio%2520C%25C3%25A9sar%2C%2520pode%2520me%2520ajudar%3F|title:MARCAR%20CONSULTA|target:_blank&#8221;][vc_empty_space][\/vc_column][vc_column width=&#8221;1\/4&#8243;][\/vc_column][\/vc_row]<\/p>\n<\/section>","protected":false},"excerpt":{"rendered":"<p>[vc_row css=&#8221;.vc_custom_1692742843761{padding-top: 60px !important;padding-bottom: 60px !important;}&#8221;][vc_column width=&#8221;2\/3&#8243;][vc_column_text css=&#8221;.vc_custom_1751548985737{background-color: #ffffff !important;}&#8221;] ORTODONTIA EM TERESINA &#8211; PI Centro Integrado Dr. J\u00falio C\u00e9sar\u00a0Vasconcelos CRO: 1266 \u2013 PI Odontologia especializada no seu sorriso Centro Integrado Dr. J\u00falio C\u00e9sar Vasconcelos \u2013\u00a0Ortodontia em Teresina \u2013 PI.\u00a0Especializado em Ortodontia, Harmoniza\u00e7\u00e3o Facial, Implantes dent\u00e1rios, Lentes de contato e Cirurgias. Seu trabalho \u00e9 focado &hellip;<\/p>\n<p class=\"read-more\"> <a class=\"\" href=\"https:\/\/drjuliocesarortodontia.com.br\/\"> <span class=\"screen-reader-text\">Crie seu site com blocos<\/span> Leia mais &raquo;<\/a><\/p>\n","protected":false},"author":1,"featured_media":0,"parent":0,"menu_order":0,"comment_status":"closed","ping_status":"closed","template":"","meta":{"site-sidebar-layout":"no-sidebar","site-content-layout":"plain-container","ast-site-content-layout":"default","site-content-style":"default","site-sidebar-style":"default","ast-global-header-display":"","ast-banner-title-visibility":"","ast-main-header-display":"","ast-hfb-above-header-display":"","ast-hfb-below-header-display":"","ast-hfb-mobile-header-display":"","site-post-title":"disabled","ast-breadcrumbs-content":"","ast-featured-img":"disabled","footer-sml-layout":"disabled","theme-transparent-header-meta":"default","adv-header-id-meta":"","stick-header-meta":"","header-above-stick-meta":"","header-main-stick-meta":"","header-below-stick-meta":"","astra-migrate-meta-layouts":"set","footnotes":""},"_links":{"self":[{"href":"https:\/\/drjuliocesarortodontia.com.br\/index.php?rest_route=\/wp\/v2\/pages\/11"}],"collection":[{"href":"https:\/\/drjuliocesarortodontia.com.br\/index.php?rest_route=\/wp\/v2\/pages"}],"about":[{"href":"https:\/\/drjuliocesarortodontia.com.br\/index.php?rest_route=\/wp\/v2\/types\/page"}],"author":[{"embeddable":true,"href":"https:\/\/drjuliocesarortodontia.com.br\/index.php?rest_route=\/wp\/v2\/users\/1"}],"replies":[{"embeddable":true,"href":"https:\/\/drjuliocesarortodontia.com.br\/index.php?rest_route=%2Fwp%2Fv2%2Fcomments&post=11"}],"version-history":[{"count":49,"href":"https:\/\/drjuliocesarortodontia.com.br\/index.php?rest_route=\/wp\/v2\/pages\/11\/revisions"}],"predecessor-version":[{"id":96,"href":"https:\/\/drjuliocesarortodontia.com.br\/index.php?rest_route=\/wp\/v2\/pages\/11\/revisions\/96"}],"wp:attachment":[{"href":"https:\/\/drjuliocesarortodontia.com.br\/index.php?rest_route=%2Fwp%2Fv2%2Fmedia&parent=11"}],"curies":[{"name":"wp","href":"https:\/\/api.w.org\/{rel}","templated":true}]}}